{"id":18558,"date":"2020-10-05T10:32:20","date_gmt":"2020-10-05T10:32:20","guid":{"rendered":"https:\/\/www.rejs.eu\/wp-content\/uploads\/2020\/10\/cargo-maxi-boczne-silva-aranz.jpg"},"modified":"2020-10-05T10:32:20","modified_gmt":"2020-10-05T10:32:20","slug":"cargo-maxi-boczne-silva-aranz-2-2","status":"inherit","type":"attachment","link":"https:\/\/www.rejs.eu\/ru\/cargo-maxi-boczne-silva-aranz-2-2\/","title":{"rendered":"cargo maxi boczne silva aranz"},"author":1,"featured_media":0,"comment_status":"open","ping_status":"closed","template":"","meta":{"_acf_changed":false},"class_list":["post-18558","attachment","type-attachment","status-inherit","hentry"],"acf":[],"yoast_head":"<!-- This site is optimized with the Yoast SEO plugin v25.5 - https:\/\/yoast.com\/wordpress\/plugins\/seo\/ -->\n<title>cargo maxi boczne silva aranz - Rejs<\/title>\n<meta name=\"robots\" content=\"index, follow, max-snippet:-1, max-image-preview:large, max-video-preview:-1\" \/>\n<meta property=\"og:locale\" content=\"ru_RU\" \/>\n<meta property=\"og:type\" content=\"article\" \/>\n<meta property=\"og:title\" content=\"cargo maxi boczne silva aranz - Rejs\" \/>\n<meta property=\"og:url\" content=\"https:\/\/www.rejs.eu\/wp-content\/uploads\/2020\/10\/cargo-maxi-boczne-silva-aranz.jpg\" \/>\n<meta property=\"og:site_name\" content=\"Rejs\" \/>\n<meta property=\"og:image\" content=\"https:\/\/www.rejs.eu\/wp-content\/uploads\/2020\/10\/cargo-maxi-boczne-silva-aranz.jpg\" \/>\n\t<meta property=\"og:image:width\" content=\"1706\" \/>\n\t<meta property=\"og:image:height\" content=\"2560\" \/>\n\t<meta property=\"og:image:type\" content=\"image\/jpeg\" \/>\n<meta name=\"twitter:card\" content=\"summary_large_image\" \/>\n<script type=\"application\/ld+json\" class=\"yoast-schema-graph\">{\"@context\":\"https:\/\/schema.org\",\"@graph\":[{\"@type\":\"WebPage\",\"@id\":\"https:\/\/www.rejs.eu\/wp-content\/uploads\/2020\/10\/cargo-maxi-boczne-silva-aranz.jpg\",\"url\":\"https:\/\/www.rejs.eu\/wp-content\/uploads\/2020\/10\/cargo-maxi-boczne-silva-aranz.jpg\",\"name\":\"cargo maxi boczne silva aranz - Rejs\",\"isPartOf\":{\"@id\":\"https:\/\/www.rejs.eu\/#website\"},\"datePublished\":\"2020-10-05T10:32:20+00:00\",\"breadcrumb\":{\"@id\":\"https:\/\/www.rejs.eu\/wp-content\/uploads\/2020\/10\/cargo-maxi-boczne-silva-aranz.jpg#breadcrumb\"},\"inLanguage\":\"ru-RU\",\"potentialAction\":[{\"@type\":\"ReadAction\",\"target\":[\"https:\/\/www.rejs.eu\/wp-content\/uploads\/2020\/10\/cargo-maxi-boczne-silva-aranz.jpg\"]}]},{\"@type\":\"BreadcrumbList\",\"@id\":\"https:\/\/www.rejs.eu\/wp-content\/uploads\/2020\/10\/cargo-maxi-boczne-silva-aranz.jpg#breadcrumb\",\"itemListElement\":[{\"@type\":\"ListItem\",\"position\":1,\"name\":\"Home\",\"item\":\"https:\/\/www.rejs.eu\/ru\/\"},{\"@type\":\"ListItem\",\"position\":2,\"name\":\"cargo maxi boczne silva aranz\"}]},{\"@type\":\"WebSite\",\"@id\":\"https:\/\/www.rejs.eu\/#website\",\"url\":\"https:\/\/www.rejs.eu\/\",\"name\":\"Rejs\",\"description\":\"Rejs jest jedn\u0105 z wiod\u0105cych firm sektora akcesori\u00f3w meblowych w Europie, wyspecjalizowan\u0105 w produkcji element\u00f3w wyposa\u017cenia z drutu, stali i aluminium do nowoczesnej kuchni i garderoby.\",\"potentialAction\":[{\"@type\":\"SearchAction\",\"target\":{\"@type\":\"EntryPoint\",\"urlTemplate\":\"https:\/\/www.rejs.eu\/?s={search_term_string}\"},\"query-input\":{\"@type\":\"PropertyValueSpecification\",\"valueRequired\":true,\"valueName\":\"search_term_string\"}}],\"inLanguage\":\"ru-RU\"}]}<\/script>\n<!-- \/ Yoast SEO plugin. -->","yoast_head_json":{"title":"cargo maxi boczne silva aranz - Rejs","robots":{"index":"index","follow":"follow","max-snippet":"max-snippet:-1","max-image-preview":"max-image-preview:large","max-video-preview":"max-video-preview:-1"},"og_locale":"ru_RU","og_type":"article","og_title":"cargo maxi boczne silva aranz - Rejs","og_url":"https:\/\/www.rejs.eu\/wp-content\/uploads\/2020\/10\/cargo-maxi-boczne-silva-aranz.jpg","og_site_name":"Rejs","og_image":[{"width":1706,"height":2560,"url":"https:\/\/www.rejs.eu\/wp-content\/uploads\/2020\/10\/cargo-maxi-boczne-silva-aranz.jpg","type":"image\/jpeg"}],"twitter_card":"summary_large_image","schema":{"@context":"https:\/\/schema.org","@graph":[{"@type":"WebPage","@id":"https:\/\/www.rejs.eu\/wp-content\/uploads\/2020\/10\/cargo-maxi-boczne-silva-aranz.jpg","url":"https:\/\/www.rejs.eu\/wp-content\/uploads\/2020\/10\/cargo-maxi-boczne-silva-aranz.jpg","name":"cargo maxi boczne silva aranz - Rejs","isPartOf":{"@id":"https:\/\/www.rejs.eu\/#website"},"datePublished":"2020-10-05T10:32:20+00:00","breadcrumb":{"@id":"https:\/\/www.rejs.eu\/wp-content\/uploads\/2020\/10\/cargo-maxi-boczne-silva-aranz.jpg#breadcrumb"},"inLanguage":"ru-RU","potentialAction":[{"@type":"ReadAction","target":["https:\/\/www.rejs.eu\/wp-content\/uploads\/2020\/10\/cargo-maxi-boczne-silva-aranz.jpg"]}]},{"@type":"BreadcrumbList","@id":"https:\/\/www.rejs.eu\/wp-content\/uploads\/2020\/10\/cargo-maxi-boczne-silva-aranz.jpg#breadcrumb","itemListElement":[{"@type":"ListItem","position":1,"name":"Home","item":"https:\/\/www.rejs.eu\/ru\/"},{"@type":"ListItem","position":2,"name":"cargo maxi boczne silva aranz"}]},{"@type":"WebSite","@id":"https:\/\/www.rejs.eu\/#website","url":"https:\/\/www.rejs.eu\/","name":"Rejs","description":"Rejs jest jedn\u0105 z wiod\u0105cych firm sektora akcesori\u00f3w meblowych w Europie, wyspecjalizowan\u0105 w produkcji element\u00f3w wyposa\u017cenia z drutu, stali i aluminium do nowoczesnej kuchni i garderoby.","potentialAction":[{"@type":"SearchAction","target":{"@type":"EntryPoint","urlTemplate":"https:\/\/www.rejs.eu\/?s={search_term_string}"},"query-input":{"@type":"PropertyValueSpecification","valueRequired":true,"valueName":"search_term_string"}}],"inLanguage":"ru-RU"}]}},"smush":{"stats":{"percent":28.049440966029803,"bytes":328871,"size_before":1172469,"size_after":843598,"time":0.7800000000000002,"api_version":"1.0","lossy":false,"keep_exif":0},"sizes":{"medium":{"percent":62.28,"bytes":19916,"size_before":31977,"size_after":12061,"time":0.04},"large":{"percent":19.4,"bytes":19195,"size_before":98956,"size_after":79761,"time":0.17},"thumbnail":{"percent":77.45,"bytes":19870,"size_before":25655,"size_after":5785,"time":0.02},"medium_large":{"percent":16.57,"bytes":18970,"size_before":114516,"size_after":95546,"time":0.04},"wysija-newsletters-max":{"percent":23.04,"bytes":19464,"size_before":84486,"size_after":65022,"time":0.03},"1536x1536":{"percent":10.5,"bytes":17802,"size_before":169585,"size_after":151783,"time":0.05},"2048x2048":{"percent":6.12,"bytes":15610,"size_before":255099,"size_after":239489,"time":0.23},"whatnew":{"percent":66.61,"bytes":19855,"size_before":29807,"size_after":9952,"time":0.01},"awards":{"percent":88.46,"bytes":19829,"size_before":22417,"size_after":2588,"time":0.01},"press":{"percent":91.9,"bytes":19802,"size_before":21548,"size_after":1746,"time":0.01},"gallery":{"percent":47.31,"bytes":19870,"size_before":42004,"size_after":22134,"time":0.02},"gallery2":{"percent":66.65,"bytes":19888,"size_before":29841,"size_after":9953,"time":0.01},"kitchenfeaturedbig":{"percent":28.72,"bytes":19558,"size_before":68101,"size_after":48543,"time":0.04},"kitchengallery":{"percent":61.59,"bytes":19952,"size_before":32395,"size_after":12443,"time":0.01},"products-category":{"percent":64.3,"bytes":19926,"size_before":30987,"size_after":11061,"time":0.03},"product-detail":{"percent":30.87,"bytes":19645,"size_before":63637,"size_after":43992,"time":0.02},"film-montazowy":{"percent":38.32,"bytes":19719,"size_before":51458,"size_after":31739,"time":0.04}}},"description":{"rendered":"<p class=\"attachment\"><a href='https:\/\/www.rejs.eu\/wp-content\/uploads\/2020\/10\/cargo-maxi-boczne-silva-aranz.jpg'><img loading=\"lazy\" decoding=\"async\" width=\"200\" height=\"300\" src=\"https:\/\/www.rejs.eu\/wp-content\/uploads\/2020\/10\/cargo-maxi-boczne-silva-aranz-200x300.jpg\" class=\"attachment-medium size-medium\" alt=\"\" srcset=\"https:\/\/www.rejs.eu\/wp-content\/uploads\/2020\/10\/cargo-maxi-boczne-silva-aranz-200x300.jpg 200w, https:\/\/www.rejs.eu\/wp-content\/uploads\/2020\/10\/cargo-maxi-boczne-silva-aranz-683x1024.jpg 683w, https:\/\/www.rejs.eu\/wp-content\/uploads\/2020\/10\/cargo-maxi-boczne-silva-aranz-768x1152.jpg 768w, https:\/\/www.rejs.eu\/wp-content\/uploads\/2020\/10\/cargo-maxi-boczne-silva-aranz-600x900.jpg 600w, https:\/\/www.rejs.eu\/wp-content\/uploads\/2020\/10\/cargo-maxi-boczne-silva-aranz-1024x1536.jpg 1024w, https:\/\/www.rejs.eu\/wp-content\/uploads\/2020\/10\/cargo-maxi-boczne-silva-aranz-1365x2048.jpg 1365w, https:\/\/www.rejs.eu\/wp-content\/uploads\/2020\/10\/cargo-maxi-boczne-silva-aranz-67x100.jpg 67w, https:\/\/www.rejs.eu\/wp-content\/uploads\/2020\/10\/cargo-maxi-boczne-silva-aranz-299x449.jpg 299w, https:\/\/www.rejs.eu\/wp-content\/uploads\/2020\/10\/cargo-maxi-boczne-silva-aranz-190x285.jpg 190w, https:\/\/www.rejs.eu\/wp-content\/uploads\/2020\/10\/cargo-maxi-boczne-silva-aranz-467x701.jpg 467w, https:\/\/www.rejs.eu\/wp-content\/uploads\/2020\/10\/cargo-maxi-boczne-silva-aranz-scaled.jpg 1706w\" sizes=\"auto, (max-width: 200px) 100vw, 200px\" \/><\/a><\/p>\n"},"caption":{"rendered":""},"alt_text":"","media_type":"image","mime_type":"image\/jpeg","media_details":{"width":1706,"height":2560,"file":"2020\/10\/cargo-maxi-boczne-silva-aranz-scaled.jpg","sizes":{"medium":{"file":"cargo-maxi-boczne-silva-aranz-200x300.jpg","width":200,"height":300,"mime_type":"image\/jpeg","source_url":"https:\/\/www.rejs.eu\/wp-content\/uploads\/2020\/10\/cargo-maxi-boczne-silva-aranz-200x300.jpg"},"large":{"file":"cargo-maxi-boczne-silva-aranz-683x1024.jpg","width":683,"height":1024,"mime_type":"image\/jpeg","source_url":"https:\/\/www.rejs.eu\/wp-content\/uploads\/2020\/10\/cargo-maxi-boczne-silva-aranz-683x1024.jpg"},"thumbnail":{"file":"cargo-maxi-boczne-silva-aranz-150x150.jpg","width":150,"height":150,"mime_type":"image\/jpeg","source_url":"https:\/\/www.rejs.eu\/wp-content\/uploads\/2020\/10\/cargo-maxi-boczne-silva-aranz-150x150.jpg"},"medium_large":{"file":"cargo-maxi-boczne-silva-aranz-768x1152.jpg","width":768,"height":1152,"mime_type":"image\/jpeg","source_url":"https:\/\/www.rejs.eu\/wp-content\/uploads\/2020\/10\/cargo-maxi-boczne-silva-aranz-768x1152.jpg"},"wysija-newsletters-max":{"file":"cargo-maxi-boczne-silva-aranz-600x900.jpg","width":600,"height":900,"mime_type":"image\/jpeg","source_url":"https:\/\/www.rejs.eu\/wp-content\/uploads\/2020\/10\/cargo-maxi-boczne-silva-aranz-600x900.jpg"},"1536x1536":{"file":"cargo-maxi-boczne-silva-aranz-1024x1536.jpg","width":1024,"height":1536,"mime_type":"image\/jpeg","source_url":"https:\/\/www.rejs.eu\/wp-content\/uploads\/2020\/10\/cargo-maxi-boczne-silva-aranz-1024x1536.jpg"},"2048x2048":{"file":"cargo-maxi-boczne-silva-aranz-1365x2048.jpg","width":1365,"height":2048,"mime_type":"image\/jpeg","source_url":"https:\/\/www.rejs.eu\/wp-content\/uploads\/2020\/10\/cargo-maxi-boczne-silva-aranz-1365x2048.jpg"},"whatnew":{"file":"cargo-maxi-boczne-silva-aranz-298x167.jpg","width":298,"height":167,"mime_type":"image\/jpeg","source_url":"https:\/\/www.rejs.eu\/wp-content\/uploads\/2020\/10\/cargo-maxi-boczne-silva-aranz-298x167.jpg"},"awards":{"file":"cargo-maxi-boczne-silva-aranz-67x100.jpg","width":67,"height":100,"mime_type":"image\/jpeg","source_url":"https:\/\/www.rejs.eu\/wp-content\/uploads\/2020\/10\/cargo-maxi-boczne-silva-aranz-67x100.jpg"},"press":{"file":"cargo-maxi-boczne-silva-aranz-68x50.jpg","width":68,"height":50,"mime_type":"image\/jpeg","source_url":"https:\/\/www.rejs.eu\/wp-content\/uploads\/2020\/10\/cargo-maxi-boczne-silva-aranz-68x50.jpg"},"gallery":{"file":"cargo-maxi-boczne-silva-aranz-299x449.jpg","width":299,"height":449,"mime_type":"image\/jpeg","source_url":"https:\/\/www.rejs.eu\/wp-content\/uploads\/2020\/10\/cargo-maxi-boczne-silva-aranz-299x449.jpg"},"gallery2":{"file":"cargo-maxi-boczne-silva-aranz-299x167.jpg","width":299,"height":167,"mime_type":"image\/jpeg","source_url":"https:\/\/www.rejs.eu\/wp-content\/uploads\/2020\/10\/cargo-maxi-boczne-silva-aranz-299x167.jpg"},"kitchenfeaturedbig":{"file":"cargo-maxi-boczne-silva-aranz-799x504.jpg","width":799,"height":504,"mime_type":"image\/jpeg","source_url":"https:\/\/www.rejs.eu\/wp-content\/uploads\/2020\/10\/cargo-maxi-boczne-silva-aranz-799x504.jpg"},"kitchengallery":{"file":"cargo-maxi-boczne-silva-aranz-229x265.jpg","width":229,"height":265,"mime_type":"image\/jpeg","source_url":"https:\/\/www.rejs.eu\/wp-content\/uploads\/2020\/10\/cargo-maxi-boczne-silva-aranz-229x265.jpg"},"products-category":{"file":"cargo-maxi-boczne-silva-aranz-190x285.jpg","width":190,"height":285,"mime_type":"image\/jpeg","source_url":"https:\/\/www.rejs.eu\/wp-content\/uploads\/2020\/10\/cargo-maxi-boczne-silva-aranz-190x285.jpg"},"product-detail":{"file":"cargo-maxi-boczne-silva-aranz-467x701.jpg","width":467,"height":701,"mime_type":"image\/jpeg","source_url":"https:\/\/www.rejs.eu\/wp-content\/uploads\/2020\/10\/cargo-maxi-boczne-silva-aranz-467x701.jpg"},"film-montazowy":{"file":"cargo-maxi-boczne-silva-aranz-640x361.jpg","width":640,"height":361,"mime_type":"image\/jpeg","source_url":"https:\/\/www.rejs.eu\/wp-content\/uploads\/2020\/10\/cargo-maxi-boczne-silva-aranz-640x361.jpg"},"full":{"file":"cargo-maxi-boczne-silva-aranz.jpg","width":1706,"height":2560,"mime_type":"image\/jpeg","source_url":"https:\/\/www.rejs.eu\/wp-content\/uploads\/2020\/10\/cargo-maxi-boczne-silva-aranz.jpg"}},"image_meta":{"aperture":"5","credit":"","camera":"Canon EOS 20D","caption":"","created_timestamp":"1520858904","copyright":"","focal_length":"18","iso":"400","shutter_speed":"0.0125","title":"","orientation":"1","keywords":[]},"original_image":"cargo-maxi-boczne-silva-aranz.jpg"},"post":null,"source_url":"https:\/\/www.rejs.eu\/wp-content\/uploads\/2020\/10\/cargo-maxi-boczne-silva-aranz.jpg","_links":{"self":[{"href":"https:\/\/www.rejs.eu\/ru\/wp-json\/wp\/v2\/media\/18558","targetHints":{"allow":["GET"]}}],"collection":[{"href":"https:\/\/www.rejs.eu\/ru\/wp-json\/wp\/v2\/media"}],"about":[{"href":"https:\/\/www.rejs.eu\/ru\/wp-json\/wp\/v2\/types\/attachment"}],"author":[{"embeddable":true,"href":"https:\/\/www.rejs.eu\/ru\/wp-json\/wp\/v2\/users\/1"}],"replies":[{"embeddable":true,"href":"https:\/\/www.rejs.eu\/ru\/wp-json\/wp\/v2\/comments?post=18558"}]}}